{"id":27,"date":"2024-10-14T17:19:10","date_gmt":"2024-10-14T15:19:10","guid":{"rendered":"https:\/\/blog.fondation-ove.fr\/fpa\/?page_id=27"},"modified":"2024-10-14T17:19:10","modified_gmt":"2024-10-14T15:19:10","slug":"enquetes-metiers","status":"publish","type":"page","link":"https:\/\/blog.fondation-ove.fr\/fpa\/enquetes-metiers\/","title":{"rendered":"Enqu\u00eates m\u00e9tiers"},"content":{"rendered":"\n<h3 class=\"wp-block-heading\">\u00c0 la D\u00e9couverte du m\u00e9tier de Formateur<\/h3>\n\n\n\n<p>Ici, vous pouvez partager vos explorations sur le m\u00e9tier de formateur. C<strong>\u2019est l\u2019occasion de vous inspirer, d\u2019approfondir vos connaissances et d\u2019\u00e9changer sur les pratiques actuelles.<\/strong><\/p>\n\n\n\n<p>N\u2019h\u00e9sitez pas \u00e0 commenter pour encourager les \u00e9changes et le partage d\u2019exp\u00e9riences !<\/p>\n","protected":false},"excerpt":{"rendered":"<p>\u00c0 la D\u00e9couverte du m\u00e9tier de Formateur Ici, vous pouvez partager vos explorations sur le m\u00e9tier de formateur. C\u2019est l\u2019occasion de vous inspirer, d\u2019approfondir vos connaissances et d\u2019\u00e9changer sur les pratiques actuelles. N\u2019h\u00e9sitez pas \u00e0 commenter pour encourager les \u00e9changes et le partage d\u2019exp\u00e9riences !<\/p>\n","protected":false},"author":729,"featured_media":0,"parent":0,"menu_order":0,"comment_status":"closed","ping_status":"closed","template":"","meta":{"footnotes":""},"class_list":["post-27","page","type-page","status-publish","hentry"],"_links":{"self":[{"href":"https:\/\/blog.fondation-ove.fr\/fpa\/wp-json\/wp\/v2\/pages\/27","targetHints":{"allow":["GET"]}}],"collection":[{"href":"https:\/\/blog.fondation-ove.fr\/fpa\/wp-json\/wp\/v2\/pages"}],"about":[{"href":"https:\/\/blog.fondation-ove.fr\/fpa\/wp-json\/wp\/v2\/types\/page"}],"author":[{"embeddable":true,"href":"https:\/\/blog.fondation-ove.fr\/fpa\/wp-json\/wp\/v2\/users\/729"}],"replies":[{"embeddable":true,"href":"https:\/\/blog.fondation-ove.fr\/fpa\/wp-json\/wp\/v2\/comments?post=27"}],"version-history":[{"count":2,"href":"https:\/\/blog.fondation-ove.fr\/fpa\/wp-json\/wp\/v2\/pages\/27\/revisions"}],"predecessor-version":[{"id":61,"href":"https:\/\/blog.fondation-ove.fr\/fpa\/wp-json\/wp\/v2\/pages\/27\/revisions\/61"}],"wp:attachment":[{"href":"https:\/\/blog.fondation-ove.fr\/fpa\/wp-json\/wp\/v2\/media?parent=27"}],"curies":[{"name":"wp","href":"https:\/\/api.w.org\/{rel}","templated":true}]}}